{"id":7074,"date":"2018-05-18T13:56:14","date_gmt":"2018-05-18T13:56:14","guid":{"rendered":"https:\/\/capblancibiza.com\/?page_id=7074"},"modified":"2021-07-22T12:22:26","modified_gmt":"2021-07-22T12:22:26","slug":"los-chales","status":"publish","type":"page","link":"https:\/\/capblancibiza.com\/es\/los-chales\/","title":{"rendered":"Los chal\u00e9s"},"content":{"rendered":"[vc_row type=\u00bbfull_width_background\u00bb full_screen_row_position=\u00bbmiddle\u00bb bg_image=\u00bb6440&#8243; bg_position=\u00bbcenter center\u00bb bg_repeat=\u00bbno-repeat\u00bb parallax_bg=\u00bbtrue\u00bb parallax_bg_speed=\u00bbfast\u00bb bg_color=\u00bb#333333&#8243; scene_position=\u00bbcenter\u00bb video_bg=\u00bbuse_video\u00bb video_mute=\u00bbtrue\u00bb text_color=\u00bblight\u00bb text_align=\u00bbleft\u00bb top_padding=\u00bb13%\u00bb bottom_padding=\u00bb13%\u00bb overlay_strength=\u00bb0.3&#8243;][vc_column column_padding=\u00bbpadding-3-percent\u00bb column_padding_position=\u00bball\u00bb background_color=\u00bbrgba(68,68,68,0.3)\u00bb background_color_opacity=\u00bb1&#8243; background_hover_color_opacity=\u00bb1&#8243; column_shadow=\u00bbnone\u00bb width=\u00bb1\/2&#8243; tablet_text_alignment=\u00bbdefault\u00bb phone_text_alignment=\u00bbdefault\u00bb column_border_width=\u00bbnone\u00bb column_border_style=\u00bbsolid\u00bb][split_line_heading]\n<div class=\"page-header\">\n<h1>Los chal\u00e9s \u2013 Lujo y calidad<\/h1>\n<\/div>\n[\/split_line_heading][vc_row_inner column_margin=\u00bbdefault\u00bb text_align=\u00bbleft\u00bb][vc_column_inner enable_animation=\u00bbtrue\u00bb animation=\u00bbfade-in-from-bottom\u00bb column_padding=\u00bbno-extra-padding\u00bb column_padding_position=\u00bball\u00bb background_color_opacity=\u00bb1&#8243; width=\u00bb5\/6&#8243; column_border_width=\u00bbnone\u00bb column_border_style=\u00bbsolid\u00bb delay=\u00bb300&#8243;][\/vc_column_inner][vc_column_inner column_padding=\u00bbno-extra-padding\u00bb column_padding_position=\u00bball\u00bb background_color_opacity=\u00bb1&#8243; width=\u00bb1\/6&#8243; column_border_width=\u00bbnone\u00bb column_border_style=\u00bbsolid\u00bb][\/vc_column_inner][\/vc_row_inner][\/vc_column][vc_column column_padding=\u00bbno-extra-padding\u00bb column_padding_position=\u00bball\u00bb background_color_opacity=\u00bb1&#8243; background_hover_color_opacity=\u00bb1&#8243; column_shadow=\u00bbnone\u00bb width=\u00bb1\/2&#8243; tablet_text_alignment=\u00bbdefault\u00bb phone_text_alignment=\u00bbdefault\u00bb column_border_width=\u00bbnone\u00bb column_border_style=\u00bbsolid\u00bb][\/vc_column][\/vc_row][vc_row type=\u00bbfull_width_content\u00bb full_screen_row_position=\u00bbmiddle\u00bb equal_height=\u00bbyes\u00bb content_placement=\u00bbmiddle\u00bb bg_color=\u00bb#f4f4f4&#8243; scene_position=\u00bbcenter\u00bb text_color=\u00bbdark\u00bb text_align=\u00bbleft\u00bb class=\u00bbcontent-below-header\u00bb overlay_strength=\u00bb0.3&#8243;][vc_column column_padding=\u00bbpadding-10-percent\u00bb column_padding_position=\u00bball\u00bb background_color=\u00bb#f4f4f4&#8243; background_color_opacity=\u00bb1&#8243; background_hover_color_opacity=\u00bb1&#8243; column_shadow=\u00bbnone\u00bb width=\u00bb1\/2&#8243; tablet_text_alignment=\u00bbdefault\u00bb phone_text_alignment=\u00bbdefault\u00bb column_border_width=\u00bbnone\u00bb column_border_style=\u00bbsolid\u00bb][vc_row_inner column_margin=\u00bbdefault\u00bb text_align=\u00bbleft\u00bb][vc_column_inner column_padding=\u00bbno-extra-padding\u00bb column_padding_position=\u00bball\u00bb background_color_opacity=\u00bb1&#8243; width=\u00bb1\/1&#8243; column_border_width=\u00bbnone\u00bb column_border_style=\u00bbsolid\u00bb][vc_custom_heading text=\u00bbResultado de la colaboraci\u00f3n entre arquitectos de primera l\u00ednea\u00bb font_container=\u00bbtag:h2|font_size:40|text_align:left|line_height:50px\u00bb use_theme_fonts=\u00bbyes\u00bb][vc_column_text css=\u00bb.vc_custom_1526651428527{margin-top: 10px !important;margin-bottom: 20px !important;}\u00bb]\n<p class=\"vc_custom_heading\">El concepto es obra del arquitecto holand\u00e9s Dick Venneman, del estudio Dedato, con sede en Amsterdam. Entre sus proyectos se encuentran las oficinas centrales de Diesel y el Amsterdam Theater, construido especialmente para una obra sobre Ana Frank. Del interior de los chal\u00e9s se encarg\u00f3 Estudio IN, dirigido por el dise\u00f1ador espa\u00f1ol David Alayeto, cuyo trabajo incluye los interiores de Destino Pach\u00e1 Ibiza Resort, club L\u00edo Ibiza y Pach\u00e1 Dub\u00e1i. Completa este plantel de lujo un equipo local de ingenieros de estructuras dirigido por el experimentado arquitecto espa\u00f1ol Carlos Soler.<\/p>\n[\/vc_column_text][nectar_btn size=\u00bblarge\u00bb button_style=\u00bbsee-through-2&#8243; color_override=\u00bb#333333&#8243; hover_color_override=\u00bb#a4bfca\u00bb hover_text_color_override=\u00bb#ffffff\u00bb icon_family=\u00bbnone\u00bb url=\u00bb\/es\/contacto\/\u00bb text=\u00bbm\u00e1s informaci\u00f3n\u00bb css_animation=\u00bbslideInUp\u00bb margin_top=\u00bb50&#8243;][\/vc_column_inner][\/vc_row_inner][\/vc_column][vc_column column_padding=\u00bbno-extra-padding\u00bb column_padding_position=\u00bball\u00bb background_color_opacity=\u00bb1&#8243; background_hover_color_opacity=\u00bb1&#8243; background_image=\u00bb7354&#8243; enable_bg_scale=\u00bbtrue\u00bb top_margin=\u00bb36&#8243; column_shadow=\u00bbnone\u00bb width=\u00bb1\/2&#8243; tablet_text_alignment=\u00bbdefault\u00bb phone_text_alignment=\u00bbdefault\u00bb column_border_width=\u00bbnone\u00bb column_border_style=\u00bbsolid\u00bb][\/vc_column][\/vc_row][vc_row type=\u00bbfull_width_content\u00bb full_screen_row_position=\u00bbmiddle\u00bb equal_height=\u00bbyes\u00bb content_placement=\u00bbmiddle\u00bb bg_color=\u00bb#232323&#8243; scene_position=\u00bbcenter\u00bb text_color=\u00bbdark\u00bb text_align=\u00bbleft\u00bb overlay_strength=\u00bb0.3&#8243;][vc_column column_padding=\u00bbno-extra-padding\u00bb column_padding_position=\u00bball\u00bb background_color_opacity=\u00bb1&#8243; background_hover_color_opacity=\u00bb1&#8243; background_image=\u00bb7363&#8243; enable_bg_scale=\u00bbtrue\u00bb column_shadow=\u00bbnone\u00bb width=\u00bb1\/2&#8243; tablet_text_alignment=\u00bbdefault\u00bb phone_text_alignment=\u00bbdefault\u00bb column_border_width=\u00bbnone\u00bb column_border_style=\u00bbsolid\u00bb][\/vc_column][vc_column column_padding=\u00bbpadding-10-percent\u00bb column_padding_position=\u00bball\u00bb background_color=\u00bb#ffffff\u00bb background_color_opacity=\u00bb1&#8243; background_hover_color_opacity=\u00bb1&#8243; column_shadow=\u00bbnone\u00bb width=\u00bb1\/2&#8243; tablet_text_alignment=\u00bbdefault\u00bb phone_text_alignment=\u00bbdefault\u00bb column_border_width=\u00bbnone\u00bb column_border_style=\u00bbsolid\u00bb][vc_row_inner column_margin=\u00bbdefault\u00bb text_align=\u00bbleft\u00bb][vc_column_inner column_padding=\u00bbno-extra-padding\u00bb column_padding_position=\u00bball\u00bb background_color_opacity=\u00bb1&#8243; width=\u00bb1\/1&#8243; column_border_width=\u00bbnone\u00bb column_border_style=\u00bbsolid\u00bb][vc_custom_heading text=\u00bbDise\u00f1o de inspiraci\u00f3n brasile\u00f1a \u00bb font_container=\u00bbtag:h2|font_size:40|text_align:left|line_height:50px\u00bb use_theme_fonts=\u00bbyes\u00bb][vc_column_text css=\u00bb.vc_custom_1526651449241{margin-top: 10px !important;margin-bottom: 20px !important;}\u00bb]\n<p class=\"vc_custom_heading\">Cap Blanc Ibiza est\u00e1 inspirado en el dise\u00f1o brasile\u00f1o contempor\u00e1neo. El exterior se funde con el interior y fluye como si cada entorno complementara al otro en una interacci\u00f3n perfecta.<\/p>\n[\/vc_column_text][\/vc_column_inner][\/vc_row_inner][\/vc_column][\/vc_row][vc_row type=\u00bbfull_width_content\u00bb full_screen_row_position=\u00bbmiddle\u00bb equal_height=\u00bbyes\u00bb content_placement=\u00bbmiddle\u00bb bg_color=\u00bb#232323&#8243; scene_position=\u00bbcenter\u00bb text_color=\u00bbdark\u00bb text_align=\u00bbleft\u00bb overlay_strength=\u00bb0.3&#8243;][vc_column column_padding=\u00bbpadding-10-percent\u00bb column_padding_position=\u00bball\u00bb background_color=\u00bb#f4f4f4&#8243; background_color_opacity=\u00bb1&#8243; background_hover_color_opacity=\u00bb1&#8243; column_shadow=\u00bbnone\u00bb width=\u00bb1\/2&#8243; tablet_text_alignment=\u00bbdefault\u00bb phone_text_alignment=\u00bbdefault\u00bb column_border_width=\u00bbnone\u00bb column_border_style=\u00bbsolid\u00bb][vc_row_inner column_margin=\u00bbdefault\u00bb text_align=\u00bbleft\u00bb][vc_column_inner column_padding=\u00bbno-extra-padding\u00bb column_padding_position=\u00bball\u00bb background_color_opacity=\u00bb1&#8243; width=\u00bb1\/1&#8243; column_border_width=\u00bbnone\u00bb column_border_style=\u00bbsolid\u00bb][vc_custom_heading text=\u00bbMucho espacio \u00bb font_container=\u00bbtag:h2|font_size:40|text_align:left|line_height:50px\u00bb use_theme_fonts=\u00bbyes\u00bb][vc_column_text css=\u00bb.vc_custom_1526651468067{margin-top: 10px !important;margin-bottom: 20px !important;}\u00bb]\n<p class=\"vc_custom_heading\">Todas las parcelas tienen al menos 1.000 m2, y los chal\u00e9s cuentan con superficies entre 600 y 950 m2 repartidos entre tres plantas. Todas las casas cuentan con piscina climatizada privada y entre 5 y 7 dormitorios con ba\u00f1o y otras comodidades.<\/p>\n[\/vc_column_text][\/vc_column_inner][\/vc_row_inner][\/vc_column][vc_column column_padding=\u00bbno-extra-padding\u00bb column_padding_position=\u00bball\u00bb background_color=\u00bb#ffffff\u00bb background_color_opacity=\u00bb1&#8243; background_hover_color_opacity=\u00bb1&#8243; column_shadow=\u00bbnone\u00bb width=\u00bb1\/2&#8243; tablet_text_alignment=\u00bbdefault\u00bb phone_text_alignment=\u00bbdefault\u00bb column_border_width=\u00bbnone\u00bb column_border_style=\u00bbsolid\u00bb][vc_gallery type=\u00bbnectarslider_style\u00bb images=\u00bb6901,6900,6899&#8243; bullet_navigation=\u00bbtrue\u00bb bullet_navigation_style=\u00bbscale\u00bb onclick=\u00bblink_no\u00bb img_size=\u00bb1180&#215;804&#8243;][\/vc_column][\/vc_row][vc_row type=\u00bbfull_width_content\u00bb full_screen_row_position=\u00bbmiddle\u00bb equal_height=\u00bbyes\u00bb content_placement=\u00bbmiddle\u00bb bg_color=\u00bb#232323&#8243; scene_position=\u00bbcenter\u00bb text_color=\u00bbdark\u00bb text_align=\u00bbleft\u00bb overlay_strength=\u00bb0.3&#8243;][vc_column column_padding=\u00bbno-extra-padding\u00bb column_padding_position=\u00bball\u00bb background_color_opacity=\u00bb1&#8243; background_hover_color_opacity=\u00bb1&#8243; background_image=\u00bb7364&#8243; enable_bg_scale=\u00bbtrue\u00bb column_shadow=\u00bbnone\u00bb width=\u00bb1\/2&#8243; tablet_text_alignment=\u00bbdefault\u00bb phone_text_alignment=\u00bbdefault\u00bb column_border_width=\u00bbnone\u00bb column_border_style=\u00bbsolid\u00bb][\/vc_column][vc_column column_padding=\u00bbpadding-10-percent\u00bb column_padding_position=\u00bball\u00bb background_color=\u00bb#f4f4f4&#8243; background_color_opacity=\u00bb1&#8243; background_hover_color_opacity=\u00bb1&#8243; column_shadow=\u00bbnone\u00bb width=\u00bb1\/2&#8243; tablet_text_alignment=\u00bbdefault\u00bb phone_text_alignment=\u00bbdefault\u00bb column_border_width=\u00bbnone\u00bb column_border_style=\u00bbsolid\u00bb][vc_row_inner column_margin=\u00bbdefault\u00bb text_align=\u00bbleft\u00bb][vc_column_inner column_padding=\u00bbno-extra-padding\u00bb column_padding_position=\u00bball\u00bb background_color_opacity=\u00bb1&#8243; width=\u00bb1\/1&#8243; column_border_width=\u00bbnone\u00bb column_border_style=\u00bbsolid\u00bb][vc_custom_heading text=\u00bbEquipamiento\u00bb font_container=\u00bbtag:h2|font_size:40|text_align:left|line_height:50px\u00bb use_theme_fonts=\u00bbyes\u00bb][vc_column_text]Las viviendas est\u00e1n equipadas con ventanas desde el suelo hasta el techo que ofrecen incre\u00edbles vistas del mar, calefacci\u00f3n bajo el suelo, piscina privada y garaje para al menos dos coches[\/vc_column_text][\/vc_column_inner][\/vc_row_inner][\/vc_column][\/vc_row][vc_row type=\u00bbfull_width_content\u00bb full_screen_row_position=\u00bbmiddle\u00bb equal_height=\u00bbyes\u00bb content_placement=\u00bbmiddle\u00bb bg_color=\u00bb#232323&#8243; scene_position=\u00bbcenter\u00bb text_color=\u00bbdark\u00bb text_align=\u00bbleft\u00bb overlay_strength=\u00bb0.3&#8243;][vc_column column_padding=\u00bbpadding-10-percent\u00bb column_padding_position=\u00bball\u00bb background_color=\u00bb#f4f4f4&#8243; background_color_opacity=\u00bb1&#8243; background_hover_color_opacity=\u00bb1&#8243; column_shadow=\u00bbnone\u00bb width=\u00bb1\/2&#8243; tablet_text_alignment=\u00bbdefault\u00bb phone_text_alignment=\u00bbdefault\u00bb column_border_width=\u00bbnone\u00bb column_border_style=\u00bbsolid\u00bb][vc_row_inner column_margin=\u00bbdefault\u00bb text_align=\u00bbleft\u00bb][vc_column_inner column_padding=\u00bbno-extra-padding\u00bb column_padding_position=\u00bball\u00bb background_color_opacity=\u00bb1&#8243; width=\u00bb1\/1&#8243; column_border_width=\u00bbnone\u00bb column_border_style=\u00bbsolid\u00bb][vc_custom_heading text=\u00bbInstalaciones extraordinarias\u00bb font_container=\u00bbtag:h2|font_size:40|text_align:left|line_height:50px\u00bb use_theme_fonts=\u00bbyes\u00bb][vc_column_text]<strong>Instalaciones extraordinarias<\/strong><br \/>\nLas nueve residencias de Cap Blanc ofrecen instalaciones y equipamientos sin igual para quien desea disfrutar sin preocupaciones en un entorno de lujo, incluyendo:<br \/>\n\u2022 Comunidad privada protegida<br \/>\n\u2022 Servicios dom\u00e9sticos<br \/>\n\u2022 Chef personal disponible<br \/>\n\u2022 Conserje<br \/>\n\u2022 Tratamientos de balneario, belleza y masaje en su propia casa[\/vc_column_text][nectar_btn size=\u00bblarge\u00bb button_style=\u00bbsee-through-2&#8243; color_override=\u00bb#333333&#8243; hover_color_override=\u00bb#a4bfca\u00bb hover_text_color_override=\u00bb#ffffff\u00bb icon_family=\u00bbnone\u00bb url=\u00bb#popmake-6845&#8243; text=\u00bbdescargue la lista de instalaciones\u00bb margin_top=\u00bb50&#8243;][\/vc_column_inner][\/vc_row_inner][\/vc_column][vc_column column_padding=\u00bbno-extra-padding\u00bb column_padding_position=\u00bball\u00bb background_color_opacity=\u00bb1&#8243; background_hover_color_opacity=\u00bb1&#8243; background_image=\u00bb7356&#8243; enable_bg_scale=\u00bbtrue\u00bb column_shadow=\u00bbnone\u00bb width=\u00bb1\/2&#8243; tablet_text_alignment=\u00bbdefault\u00bb phone_text_alignment=\u00bbdefault\u00bb column_border_width=\u00bbnone\u00bb column_border_style=\u00bbsolid\u00bb][\/vc_column][\/vc_row][vc_row type=\u00bbfull_width_content\u00bb full_screen_row_position=\u00bbmiddle\u00bb equal_height=\u00bbyes\u00bb content_placement=\u00bbmiddle\u00bb bg_color=\u00bb#232323&#8243; scene_position=\u00bbcenter\u00bb text_color=\u00bbdark\u00bb text_align=\u00bbleft\u00bb overlay_strength=\u00bb0.3&#8243;][vc_column column_padding=\u00bbno-extra-padding\u00bb column_padding_position=\u00bball\u00bb background_color_opacity=\u00bb1&#8243; background_hover_color_opacity=\u00bb1&#8243; background_image=\u00bb6422&#8243; enable_bg_scale=\u00bbtrue\u00bb column_shadow=\u00bbnone\u00bb width=\u00bb1\/2&#8243; tablet_text_alignment=\u00bbdefault\u00bb phone_text_alignment=\u00bbdefault\u00bb column_border_width=\u00bbnone\u00bb column_border_style=\u00bbsolid\u00bb][\/vc_column][vc_column column_padding=\u00bbpadding-10-percent\u00bb column_padding_position=\u00bball\u00bb background_color=\u00bb#f4f4f4&#8243; background_color_opacity=\u00bb1&#8243; background_hover_color_opacity=\u00bb1&#8243; column_shadow=\u00bbnone\u00bb width=\u00bb1\/2&#8243; tablet_text_alignment=\u00bbdefault\u00bb phone_text_alignment=\u00bbdefault\u00bb column_border_width=\u00bbnone\u00bb column_border_style=\u00bbsolid\u00bb][vc_row_inner column_margin=\u00bbdefault\u00bb text_align=\u00bbleft\u00bb][vc_column_inner column_padding=\u00bbno-extra-padding\u00bb column_padding_position=\u00bball\u00bb background_color_opacity=\u00bb1&#8243; width=\u00bb1\/1&#8243; column_border_width=\u00bbnone\u00bb column_border_style=\u00bbsolid\u00bb][vc_custom_heading text=\u00bbPrivacidad y vistas al mar\u00bb font_container=\u00bbtag:h2|font_size:40|text_align:left|line_height:50px\u00bb use_theme_fonts=\u00bbyes\u00bb][vc_column_text css=\u00bb.vc_custom_1526651737014{margin-top: 10px !important;margin-bottom: 20px !important;}\u00bb]La cuidadosa orientaci\u00f3n de todas las viviendas, que adem\u00e1s toma en consideraci\u00f3n la privacidad de los dem\u00e1s, garantiza aislamiento y vistas al mar. Adem\u00e1s, todas las viviendas tienen formas y proporciones \u00fanicas con las que se adaptan a la perfecci\u00f3n a su entorno.[\/vc_column_text][nectar_btn size=\u00bblarge\u00bb button_style=\u00bbsee-through-2&#8243; color_override=\u00bb#333333&#8243; hover_color_override=\u00bb#a4bfca\u00bb hover_text_color_override=\u00bb#ffffff\u00bb icon_family=\u00bbnone\u00bb url=\u00bb#popmake-6851&#8243; text=\u00bbdescargue el plano de Cap Blanc\u00bb margin_top=\u00bb50&#8243;][\/vc_column_inner][\/vc_row_inner][\/vc_column][\/vc_row][vc_row type=\u00bbfull_width_content\u00bb full_screen_row_position=\u00bbmiddle\u00bb equal_height=\u00bbyes\u00bb content_placement=\u00bbmiddle\u00bb bg_color=\u00bb#232323&#8243; scene_position=\u00bbcenter\u00bb text_color=\u00bbdark\u00bb text_align=\u00bbleft\u00bb overlay_strength=\u00bb0.3&#8243;][vc_column column_padding=\u00bbpadding-10-percent\u00bb column_padding_position=\u00bball\u00bb background_color=\u00bb#f4f4f4&#8243; background_color_opacity=\u00bb1&#8243; background_hover_color_opacity=\u00bb1&#8243; column_shadow=\u00bbnone\u00bb width=\u00bb1\/2&#8243; tablet_text_alignment=\u00bbdefault\u00bb phone_text_alignment=\u00bbdefault\u00bb column_border_width=\u00bbnone\u00bb column_border_style=\u00bbsolid\u00bb][vc_row_inner column_margin=\u00bbdefault\u00bb text_align=\u00bbleft\u00bb][vc_column_inner column_padding=\u00bbno-extra-padding\u00bb column_padding_position=\u00bball\u00bb background_color_opacity=\u00bb1&#8243; width=\u00bb1\/1&#8243; column_border_width=\u00bbnone\u00bb column_border_style=\u00bbsolid\u00bb][vc_custom_heading text=\u00bbM\u00e1xima calidad \u00bb font_container=\u00bbtag:h2|font_size:40|text_align:left|line_height:50px\u00bb use_theme_fonts=\u00bbyes\u00bb][vc_column_text]Los chal\u00e9s est\u00e1n construidos con la m\u00e1xima calidad. Usted mismo podr\u00e1 verlo cuando venga a visitarlos. Solo se han usado materiales y accesorios de la m\u00e1xima calidad. Es dif\u00edcil encontrar chal\u00e9s de calidad comparable en Ibiza.[\/vc_column_text][\/vc_column_inner][\/vc_row_inner][\/vc_column][vc_column column_padding=\u00bbno-extra-padding\u00bb column_padding_position=\u00bball\u00bb background_color_opacity=\u00bb1&#8243; background_hover_color_opacity=\u00bb1&#8243; background_image=\u00bb7366&#8243; enable_bg_scale=\u00bbtrue\u00bb column_shadow=\u00bbnone\u00bb width=\u00bb1\/2&#8243; tablet_text_alignment=\u00bbdefault\u00bb phone_text_alignment=\u00bbdefault\u00bb column_border_width=\u00bbnone\u00bb column_border_style=\u00bbsolid\u00bb][\/vc_column][\/vc_row]\n","protected":false},"excerpt":{"rendered":"<p>[vc_row type=\u00bbfull_width_background\u00bb full_screen_row_position=\u00bbmiddle\u00bb bg_image=\u00bb6440&#8243; bg_position=\u00bbcenter center\u00bb bg_repeat=\u00bbno-repeat\u00bb parallax_bg=\u00bbtrue\u00bb parallax_bg_speed=\u00bbfast\u00bb bg_color=\u00bb#333333&#8243; scene_position=\u00bbcenter\u00bb video_bg=\u00bbuse_video\u00bb video_mute=\u00bbtrue\u00bb text_color=\u00bblight\u00bb text_align=\u00bbleft\u00bb&#8230;<\/p>\n","protected":false},"author":2,"featured_media":0,"parent":0,"menu_order":0,"comment_status":"closed","ping_status":"closed","template":"","meta":{"footnotes":""},"class_list":["post-7074","page","type-page","status-publish"],"_links":{"self":[{"href":"https:\/\/capblancibiza.com\/es\/wp-json\/wp\/v2\/pages\/7074","targetHints":{"allow":["GET"]}}],"collection":[{"href":"https:\/\/capblancibiza.com\/es\/wp-json\/wp\/v2\/pages"}],"about":[{"href":"https:\/\/capblancibiza.com\/es\/wp-json\/wp\/v2\/types\/page"}],"author":[{"embeddable":true,"href":"https:\/\/capblancibiza.com\/es\/wp-json\/wp\/v2\/users\/2"}],"replies":[{"embeddable":true,"href":"https:\/\/capblancibiza.com\/es\/wp-json\/wp\/v2\/comments?post=7074"}],"version-history":[{"count":10,"href":"https:\/\/capblancibiza.com\/es\/wp-json\/wp\/v2\/pages\/7074\/revisions"}],"predecessor-version":[{"id":7370,"href":"https:\/\/capblancibiza.com\/es\/wp-json\/wp\/v2\/pages\/7074\/revisions\/7370"}],"wp:attachment":[{"href":"https:\/\/capblancibiza.com\/es\/wp-json\/wp\/v2\/media?parent=7074"}],"curies":[{"name":"wp","href":"https:\/\/api.w.org\/{rel}","templated":true}]}}